{"id":2882,"date":"2021-05-29T15:08:54","date_gmt":"2021-05-29T15:08:54","guid":{"rendered":"https:\/\/capvert.com.tn\/?post_type=product&#038;p=2882"},"modified":"2022-04-11T11:49:29","modified_gmt":"2022-04-11T11:49:29","slug":"spathiphyllum","status":"publish","type":"product","link":"https:\/\/capvert.com.tn\/index.php\/produit\/spathiphyllum\/","title":{"rendered":"spathiphyllum"},"content":{"rendered":"<p><span style=\"color: #000000;\"><strong>Nom(s) commun(s) :<\/strong> Spathiphyllum, Fleur de lune, Lis de la paix<\/span><br \/>\n<span style=\"color: #000000;\"><strong>Nom(s) latin(s) :<\/strong> Spathiphyllum<\/span><br \/>\n<span style=\"color: #000000;\"><strong>Famille :<\/strong>\u00a0 Arac\u00e9es<\/span><br \/>\n<span style=\"color: #000000;\"><strong>Type(s) de plante :<\/strong> Fleur \u25b6 Plante \u00e0 fleurs<\/span><\/p>\n<h4><span style=\"color: #ff00ff;\"><strong><span class=\"PBSTitle ox-title ng-binding\">Caract\u00e9ristiques essentielles<\/span><\/strong><\/span><\/h4>\n<p><span style=\"color: #ff00ff;\"><strong><span class=\"PBSTitle ox-title ng-binding\"><span style=\"color: #99cc00;\">ESTH\u00c9TIQUE\u00a0<\/span><\/span><\/strong><\/span><br \/>\n<span style=\"color: #000000;\"><strong>Hauteur \u00e0 maturit\u00e9\u00a0 :<\/strong> 0,60 \u00e0 1 m<\/span><br \/>\n<strong><span style=\"color: #000000;\">Couleur des fleurs :\u00a0<\/span> <\/strong> <img decoding=\"async\" class=\"c-cs-product-facets__value-img\" src=\"https:\/\/www.willemsefrance.fr\/files\/126284\/_ico-couleurs\/blanc.png\" alt=\" Blanc\" \/>\u00a0 <span style=\"color: #000000;\"><span class=\"c-cs-product-facets__value-text\">Bla<\/span>nc<br \/>\n<\/span><span style=\"color: #000000;\"><strong>P\u00e9riode de floraison : <\/strong>toute l&rsquo;ann\u00e9e<br \/>\n<\/span><span style=\"color: #000000;\"><strong>Type d&rsquo;utilisation : <\/strong><\/span><img decoding=\"async\" class=\"c-cs-product-facets__value-img\" src=\"https:\/\/www.willemsefrance.fr\/files\/126284\/pictos-fiche-produit\/LIBUTI-Isole.png\" alt=\" Isol\u00e9\" \/><span class=\"c-cs-product-facets__value-text\"><span style=\"color: #000000;\">Isol\u00e9<\/span><\/span><br \/>\n<img decoding=\"async\" class=\"c-cs-product-facets__value-img\" src=\"https:\/\/www.willemsefrance.fr\/files\/126284\/pictos-fiche-produit\/LIBUTI-Pot-ou-bac.png\" alt=\" Pot ou bac\" \/><span class=\"c-cs-product-facets__value-text\" style=\"color: #000000;\">Pot ou bac<\/span><\/p>\n<p><span style=\"color: #99cc00;\"><strong>JARDINAGE<br \/>\n<\/strong><\/span><span style=\"color: #000000;\"><strong>P\u00e9riode de plantation : <\/strong>de mars a octobre<br \/>\n<\/span><strong><span style=\"color: #000000;\">Niveau d&rsquo;arrosage\u00a0 :<\/span><\/strong> <img decoding=\"async\" class=\"c-cs-product-facets__value-img alignnone\" src=\"https:\/\/www.willemsefrance.fr\/files\/126284\/pictos-fiche-produit\/arrosage-4.png\" alt=\" r\u00e9gulier\" \/><span class=\"c-cs-product-facets__value-text\" style=\"color: #000000;\">r\u00e9gulier<br \/>\n<\/span><strong><span style=\"color: #000000;\">Niveau de soin :<\/span><\/strong><img decoding=\"async\" class=\"c-cs-product-facets__value-img\" src=\"https:\/\/www.willemsefrance.fr\/files\/126284\/pictos-fiche-produit\/entretien-2.png\" alt=\" facile\" \/><span class=\"c-cs-product-facets__value-text\" style=\"color: #000000;\">facile<\/span><\/p>\n<div class=\"facetBlock c-cs-product-facets__container soin\">\n<div><\/div>\n<\/div>\n<div class=\"facetBlock c-cs-product-facets__container distance_plantation\">\n<div class=\"c-cs-product-facets__facet-values\">\n<div class=\"c-cs-product-facets__facet-value cs-product-facet__facets-value--type-text is-available\">\n<div class=\"c-cs-product-facets__value 70-cm ng-scope\"><strong><span style=\"color: #99cc00;\">EMPLACEMENT<\/span><\/strong><\/div>\n<div>\n<p><span style=\"color: #000000;\"><strong>Type de climat:\u00a0 \u00a0<\/strong><\/span><img decoding=\"async\" class=\"c-cs-product-facets__value-img\" style=\"color: #000000;\" src=\"https:\/\/www.willemsefrance.fr\/files\/126284\/pictos-fiche-produit\/LIBCLIMAT-mediterraneen.png\" alt=\" R\u00e9gion m\u00e9diterran\u00e9enne\" \/> <span class=\"c-cs-product-facets__value-text\" style=\"color: #000000;\">R\u00e9gion m\u00e9diterran\u00e9enne<\/span><\/p>\n<div class=\"c-cs-product-facets__facet-value cs-product-facet__facets-value--type-imageslist is-available\">\n<div class=\"c-cs-product-facets__value resistant-au-climat-montagnard ng-scope\"><span style=\"color: #000000;\">\u00a0 \u00a0 \u00a0 \u00a0 \u00a0 \u00a0 \u00a0 \u00a0 \u00a0 \u00a0 \u00a0 \u00a0 \u00a0 \u00a0 \u00a0<img decoding=\"async\" class=\"c-cs-product-facets__value-img\" src=\"https:\/\/www.willemsefrance.fr\/files\/126284\/pictos-fiche-produit\/LIBCLIMAT-climat-montagnard.png\" alt=\" R\u00e9sistant au climat montagnard\" \/> <span class=\"c-cs-product-facets__value-text\">R\u00e9sistant au climat montagnard<\/span><\/span><\/div>\n<\/div>\n<\/div>\n<\/div>\n<\/div>\n<\/div>\n<p><span style=\"color: #000000;\">\u00a0 \u00a0 \u00a0 \u00a0 \u00a0 \u00a0 \u00a0 \u00a0 \u00a0 \u00a0 \u00a0 \u00a0 \u00a0 \u00a0 \u00a0<img decoding=\"async\" class=\"c-cs-product-facets__value-img\" src=\"https:\/\/www.willemsefrance.fr\/files\/126284\/pictos-fiche-produit\/LIBCLIMAT-Douceur-Ocean.png\" alt=\" Douceur Oc\u00e9an\" \/><span class=\"c-cs-product-facets__value-text\">Douceur Oc\u00e9an<br \/>\n<\/span><\/span><span style=\"color: #000000;\"><strong>Type de sol\u00a0 :<\/strong> <span class=\"bulle_info2\">Humus<br \/>\n<\/span><\/span><span style=\"color: #000000;\"><strong>Ensoleillement : <img decoding=\"async\" class=\"c-cs-product-facets__value-img\" src=\"https:\/\/www.willemsefrance.fr\/files\/126284\/pictos-fiche-produit\/conseille-pour-la-mi-ombre.png\" alt=\" conseill\u00e9 pour la mi-ombre\" \/><\/strong><span class=\"c-cs-product-facets__value-text\">conseill\u00e9 pour la mi- ombre<\/span><\/span><\/p>\n<div><\/div>\n","protected":false},"excerpt":{"rendered":"<p>Nom(s) commun(s) : Spathiphyllum, Fleur de lune, Lis de la paix Nom(s) latin(s) : Spathiphyllum Famille :\u00a0 Arac\u00e9es Type(s) de&hellip;<\/p>\n","protected":false},"featured_media":2885,"comment_status":"open","ping_status":"closed","template":"","meta":[],"product_brand":[],"product_cat":[91,90,92,81,15],"product_tag":[],"class_list":{"0":"post-2882","1":"product","2":"type-product","3":"status-publish","4":"has-post-thumbnail","6":"product_cat-floraison-automnale-automne","7":"product_cat-floraison-estival-ete","8":"product_cat-floraison-hivernalehiver","9":"product_cat-floraison-printaniere","10":"product_cat-plantes-dinterieur","11":"","13":"first","14":"outofstock","15":"shipping-taxable","16":"purchasable","17":"product-type-variable","18":"has-default-attributes"},"_links":{"self":[{"href":"https:\/\/capvert.com.tn\/index.php\/wp-json\/wp\/v2\/product\/2882","targetHints":{"allow":["GET"]}}],"collection":[{"href":"https:\/\/capvert.com.tn\/index.php\/wp-json\/wp\/v2\/product"}],"about":[{"href":"https:\/\/capvert.com.tn\/index.php\/wp-json\/wp\/v2\/types\/product"}],"replies":[{"embeddable":true,"href":"https:\/\/capvert.com.tn\/index.php\/wp-json\/wp\/v2\/comments?post=2882"}],"wp:featuredmedia":[{"embeddable":true,"href":"https:\/\/capvert.com.tn\/index.php\/wp-json\/wp\/v2\/media\/2885"}],"wp:attachment":[{"href":"https:\/\/capvert.com.tn\/index.php\/wp-json\/wp\/v2\/media?parent=2882"}],"wp:term":[{"taxonomy":"product_brand","embeddable":true,"href":"https:\/\/capvert.com.tn\/index.php\/wp-json\/wp\/v2\/product_brand?post=2882"},{"taxonomy":"product_cat","embeddable":true,"href":"https:\/\/capvert.com.tn\/index.php\/wp-json\/wp\/v2\/product_cat?post=2882"},{"taxonomy":"product_tag","embeddable":true,"href":"https:\/\/capvert.com.tn\/index.php\/wp-json\/wp\/v2\/product_tag?post=2882"}],"curies":[{"name":"wp","href":"https:\/\/api.w.org\/{rel}","templated":true}]}}