{"id":2846,"date":"2021-05-21T11:42:42","date_gmt":"2021-05-21T11:42:42","guid":{"rendered":"https:\/\/capvert.com.tn\/?post_type=product&#038;p=2846"},"modified":"2023-03-07T09:37:30","modified_gmt":"2023-03-07T09:37:30","slug":"seringat-virginal","status":"publish","type":"product","link":"https:\/\/capvert.com.tn\/index.php\/produit\/seringat-virginal\/","title":{"rendered":"Seringat Virginal"},"content":{"rendered":"<div class=\"c-ox-facet__name\"><strong><span style=\"color: #000000;\">Nom latin :<\/span><\/strong> <span class=\"facetvalue\" style=\"color: #000000;\"><span class=\"Facetvaluename\">Philadelphus virginal<\/span><\/span><\/div>\n<div><strong><span style=\"color: #000000;\">Famille\u00a0:<\/span><\/strong> <span style=\"color: #000000;\">Hydrangac\u00e9es<\/span><\/div>\n<div><strong><span style=\"color: #000000;\">Type de pante :<\/span><\/strong> <span style=\"color: #000000;\">Arbuste<\/span><\/div>\n<div><\/div>\n<div>\n<h4><span style=\"color: #ff00ff;\"><strong>Caract\u00e9ristiques essentielles :<\/strong><\/span><\/h4>\n<p><strong><span style=\"color: #99cc00;\">ESTH\u00c9TIQUE<\/span><\/strong><\/p>\n<div class=\"facetBlock c-cs-product-facets__container dimension\">\n<div class=\"c-cs-product-facets__facet-name PBShortTxt ng-binding ng-scope\"><strong><span style=\"color: #000000;\">Hauteur adulte\u00a0 \u00a0<\/span> \u00a0 <span style=\"color: #000000;\">\u00a0 \u00a0 \u00a0 :<\/span> <\/strong><span style=\"color: #000000;\">de 2 m \u00e0 3 m<\/span><\/div>\n<\/div>\n<div class=\"facetBlock c-cs-product-facets__container couleur\">\n<div class=\"c-cs-product-facets__facet-name PBShortTxt ng-binding ng-scope\"><span style=\"color: #000000;\"><strong>Couleur\u00a0 \u00a0 \u00a0 \u00a0 \u00a0 \u00a0 \u00a0 \u00a0 \u00a0 \u00a0 \u00a0 \u00a0:<\/strong><\/span> <img decoding=\"async\" class=\"c-cs-product-facets__value-img\" src=\"https:\/\/www.willemsefrance.fr\/files\/126284\/_ico-couleurs\/blanc.png\" alt=\" Blanc\" \/><span class=\"c-cs-product-facets__value-text\" style=\"color: #000000;\">Blanc<\/span><\/div>\n<\/div>\n<div class=\"facetBlock c-cs-product-facets__container pfloraison\">\n<div class=\"c-cs-product-facets__facet-name PBShortTxt ng-binding ng-scope\"><strong><span style=\"color: #000000;\">P\u00e9riode de floraison\u00a0 \u00a0:<\/span><\/strong> <span style=\"color: #000000;\">en juin-juillet.<\/span><\/div>\n<\/div>\n<div class=\"facetBlock c-cs-product-facets__container utilisation\">\n<div class=\"c-cs-product-facets__facet-name PBShortTxt ng-binding ng-scope\"><span style=\"color: #000000;\"><strong>Type d&rsquo;utilisation\u00a0 \u00a0 \u00a0 \u00a0 :<br \/>\n<\/strong><\/span><\/div>\n<div><\/div>\n<div class=\"c-cs-product-facets__facet-name PBShortTxt ng-binding ng-scope\"><img decoding=\"async\" class=\"c-cs-product-facets__value-img\" src=\"https:\/\/www.willemsefrance.fr\/files\/126284\/pictos-fiche-produit\/LIBUTI-fleur-a-couper.png\" alt=\" Fleur \u00e0 couper\" \/><span class=\"c-cs-product-facets__value-text\" style=\"color: #000000;\">Fleur \u00e0 couper<\/span><\/div>\n<div class=\"c-cs-product-facets__facet-name PBShortTxt ng-binding ng-scope\"><img decoding=\"async\" class=\"c-cs-product-facets__value-img\" src=\"https:\/\/www.willemsefrance.fr\/files\/126284\/pictos-fiche-produit\/LIBUTI-Isole.png\" alt=\" Isol\u00e9\" \/><span class=\"c-cs-product-facets__value-text\" style=\"color: #000000;\">Isol\u00e9<\/span><\/div>\n<div class=\"c-cs-product-facets__facet-name PBShortTxt ng-binding ng-scope\"><span class=\"c-cs-product-facets__value-text\" style=\"color: #000000;\"><img decoding=\"async\" class=\"c-cs-product-facets__value-img\" src=\"https:\/\/www.willemsefrance.fr\/files\/126284\/pictos-fiche-produit\/LIBUTI-Massif.png\" alt=\" Massif\" \/><span class=\"c-cs-product-facets__value-text\">Massif<\/span><\/span><\/div>\n<div class=\"c-cs-product-facets__facet-values\">\n<div class=\"c-cs-product-facets__facet-value cs-product-facet__facets-value--type-imageslist is-available\">\n<div class=\"c-cs-product-facets__value haie ng-scope\"><img decoding=\"async\" class=\"c-cs-product-facets__value-img\" src=\"https:\/\/www.willemsefrance.fr\/files\/126284\/pictos-fiche-produit\/LIBUTI-Haie.png\" alt=\" Haie\" \/> <span class=\"c-cs-product-facets__value-text\" style=\"color: #000000;\">Haie<\/span><\/div>\n<div class=\"c-cs-product-facets__value haie ng-scope\"><img decoding=\"async\" class=\"c-cs-product-facets__value-img\" src=\"https:\/\/www.willemsefrance.fr\/files\/126284\/Img\/03\/picto-potager.png\" alt=\" Potager\" \/> <span class=\"c-cs-product-facets__value-text\" style=\"color: #000000;\">Potager<\/span><\/div>\n<div><\/div>\n<div><span style=\"color: #99cc00;\"><strong>JARDINAGE<\/strong><\/span><\/div>\n<div>\n<div class=\"facetBlock c-cs-product-facets__container pplantation\">\n<div><\/div>\n<div class=\"c-cs-product-facets__facet-name PBShortTxt ng-binding ng-scope\"><strong><span style=\"color: #000000;\">P\u00e9riode de plantation\u00a0 \u00a0 :<\/span><\/strong><span style=\"color: #000000;\">de f\u00e9vrier \u00e0 mai et de septembre \u00e0 d\u00e9cembre<\/span><\/div>\n<\/div>\n<div class=\"facetBlock c-cs-product-facets__container arrosage\">\n<div class=\"c-cs-product-facets__facet-name PBShortTxt ng-binding ng-scope\"><strong><span style=\"color: #000000;\">Niveau d&rsquo;arrosage\u00a0 \u00a0 \u00a0 \u00a0 \u00a0 : <\/span><\/strong><img loading=\"lazy\" decoding=\"async\" class=\"c-cs-product-facets__value-img alignnone\" src=\"https:\/\/www.willemsefrance.fr\/files\/126284\/pictos-fiche-produit\/arrosage-3.png\" alt=\" moyen\" width=\"154\" height=\"36\" \/>\u00a0<span class=\"c-cs-product-facets__value-text\" style=\"color: #000000;\">moyen<\/span><\/div>\n<\/div>\n<div class=\"facetBlock c-cs-product-facets__container soin\">\n<div class=\"c-cs-product-facets__facet-name PBShortTxt ng-binding ng-scope\"><strong><span style=\"color: #000000;\">Niveau de soin\u00a0 \u00a0 \u00a0 \u00a0 \u00a0 \u00a0 \u00a0 \u00a0:<\/span><\/strong><img decoding=\"async\" class=\"c-cs-product-facets__value-img\" src=\"https:\/\/www.willemsefrance.fr\/files\/126284\/pictos-fiche-produit\/entretien-2.png\" alt=\" facile\" \/><span class=\"c-cs-product-facets__value-text\" style=\"color: #000000;\">facile<\/span><\/div>\n<\/div>\n<div class=\"facetBlock c-cs-product-facets__container distance_plantation\">\n<div class=\"c-cs-product-facets__facet-name PBShortTxt ng-binding ng-scope\"><span style=\"color: #000000;\"><strong>Distance de plantation\u00a0 :<\/strong> 70-80 cm<br \/>\n<\/span><\/div>\n<\/div>\n<\/div>\n<div><\/div>\n<\/div>\n<div><strong><span style=\"color: #99cc00;\">EMPLACEMENT<\/span><\/strong><\/div>\n<div>\n<div><\/div>\n<div class=\"c-cs-product-facets__facet-name PBShortTxt ng-binding ng-scope\"><strong><span style=\"color: #000000;\">Type de climat :\u00a0<\/span><\/strong><\/div>\n<div class=\"c-cs-product-facets__facet-values\">\n<div class=\"c-cs-product-facets__facet-value cs-product-facet__facets-value--type-imageslist is-available\">\n<div class=\"c-cs-product-facets__value bord-de-mer-:-resiste-aux-embruns-et-au-vent ng-scope\"><img decoding=\"async\" class=\"c-cs-product-facets__value-img\" src=\"https:\/\/www.willemsefrance.fr\/files\/126284\/pictos-fiche-produit\/LIBCLIMAT-Climat-bord-de-mer.png\" alt=\" Bord de mer : r\u00e9siste aux embruns et au vent\" \/><span class=\"c-cs-product-facets__value-text\" style=\"color: #000000;\">Bord de mer : r\u00e9siste aux embruns et au vent<\/span><\/div>\n<\/div>\n<div class=\"c-cs-product-facets__facet-value cs-product-facet__facets-value--type-imageslist is-available\">\n<div class=\"c-cs-product-facets__value douceur-ocean ng-scope\"><img decoding=\"async\" class=\"c-cs-product-facets__value-img\" src=\"https:\/\/www.willemsefrance.fr\/files\/126284\/pictos-fiche-produit\/LIBCLIMAT-Douceur-Ocean.png\" alt=\" Douceur Oc\u00e9an\" \/><span class=\"c-cs-product-facets__value-text\" style=\"color: #000000;\">Douceur Oc\u00e9an<\/span><\/div>\n<\/div>\n<div class=\"c-cs-product-facets__facet-value cs-product-facet__facets-value--type-imageslist is-available\">\n<div class=\"c-cs-product-facets__value region-mediterraneenne ng-scope\"><img decoding=\"async\" class=\"c-cs-product-facets__value-img\" src=\"https:\/\/www.willemsefrance.fr\/files\/126284\/pictos-fiche-produit\/LIBCLIMAT-mediterraneen.png\" alt=\" R\u00e9gion m\u00e9diterran\u00e9enne\" \/><span class=\"c-cs-product-facets__value-text\" style=\"color: #000000;\">R\u00e9gion m\u00e9diterran\u00e9enne<\/span><\/div>\n<\/div>\n<div class=\"c-cs-product-facets__facet-value cs-product-facet__facets-value--type-imageslist is-available\">\n<div class=\"c-cs-product-facets__value resistant-aux-vents ng-scope\"><img decoding=\"async\" class=\"c-cs-product-facets__value-img\" src=\"https:\/\/www.willemsefrance.fr\/files\/126284\/pictos-fiche-produit\/LIBCLIMAT-Resistant-au-vents.png\" alt=\" R\u00e9sistant aux vents\" \/><span class=\"c-cs-product-facets__value-text\" style=\"color: #000000;\">R\u00e9sistant aux vents<\/span><\/div>\n<\/div>\n<div class=\"c-cs-product-facets__facet-value cs-product-facet__facets-value--type-imageslist is-available\">\n<div class=\"c-cs-product-facets__value resistant-au-climat-montagnard ng-scope\"><img decoding=\"async\" class=\"c-cs-product-facets__value-img\" src=\"https:\/\/www.willemsefrance.fr\/files\/126284\/pictos-fiche-produit\/LIBCLIMAT-climat-montagnard.png\" alt=\" R\u00e9sistant au climat montagnard\" \/><span class=\"c-cs-product-facets__value-text\" style=\"color: #000000;\">R\u00e9sistant au climat montagnard<\/span><\/div>\n<\/div>\n<div>\n<div><\/div>\n<div class=\"c-cs-product-facets__facet-name PBShortTxt ng-binding ng-scope\"><span style=\"color: #000000;\"><strong>Type de sol :<\/strong><\/span><\/div>\n<div class=\"c-cs-product-facets__facet-values\">\n<div class=\"c-cs-product-facets__facet-value cs-product-facet__facets-value--type-imageslist is-available\">\n<div class=\"c-cs-product-facets__value argileux ng-scope\"><img decoding=\"async\" class=\"c-cs-product-facets__value-img\" src=\"https:\/\/www.willemsefrance.fr\/files\/126284\/pictos-fiche-produit\/Sol-argileux.png\" alt=\" Argileux\" \/><span class=\"c-cs-product-facets__value-text\" style=\"color: #000000;\">Argileux<\/span><\/div>\n<\/div>\n<div class=\"c-cs-product-facets__facet-value cs-product-facet__facets-value--type-imageslist is-available\">\n<div class=\"c-cs-product-facets__value sableux ng-scope\"><img decoding=\"async\" class=\"c-cs-product-facets__value-img\" src=\"https:\/\/www.willemsefrance.fr\/files\/126284\/pictos-fiche-produit\/sol-sableux.png\" alt=\" Sableux\" \/><span class=\"c-cs-product-facets__value-text\" style=\"color: #000000;\">Sableux<\/span><\/div>\n<\/div>\n<div class=\"c-cs-product-facets__facet-value cs-product-facet__facets-value--type-imageslist is-available\">\n<div class=\"c-cs-product-facets__value tout-type ng-scope\"><img decoding=\"async\" class=\"c-cs-product-facets__value-img\" src=\"https:\/\/www.willemsefrance.fr\/files\/126284\/pictos-fiche-produit\/tout-sol.png\" alt=\" Tout type\" \/><span class=\"c-cs-product-facets__value-text\" style=\"color: #000000;\">Tout type<\/span><\/div>\n<\/div>\n<div class=\"c-cs-product-facets__facet-value cs-product-facet__facets-value--type-imageslist is-available\">\n<div class=\"c-cs-product-facets__value calcaire ng-scope\"><img decoding=\"async\" class=\"c-cs-product-facets__value-img\" src=\"https:\/\/www.willemsefrance.fr\/files\/126284\/pictos-fiche-produit\/Sol-calcaire.png\" alt=\" Calcaire\" \/><span class=\"c-cs-product-facets__value-text\" style=\"color: #000000;\">Calcaire<\/span><\/div>\n<\/div>\n<div class=\"c-cs-product-facets__facet-value cs-product-facet__facets-value--type-imageslist is-available\">\n<div class=\"c-cs-product-facets__value sol-sec ng-scope\"><img decoding=\"async\" class=\"c-cs-product-facets__value-img\" src=\"https:\/\/www.willemsefrance.fr\/files\/126284\/pictos-fiche-produit\/Sol-sec.png\" alt=\" sol sec\" \/><span class=\"c-cs-product-facets__value-text\" style=\"color: #000000;\">sol sec<\/span><\/div>\n<div>\n<div><\/div>\n<div class=\"c-cs-product-facets__facet-name PBShortTxt ng-binding ng-scope\"><strong><span style=\"color: #000000;\">Ensoleillement :<\/span><\/strong><\/div>\n<div class=\"c-cs-product-facets__facet-values\">\n<div class=\"c-cs-product-facets__facet-value cs-product-facet__facets-value--type-imageslist is-available\">\n<div class=\"c-cs-product-facets__value conseille-pour-le-plein-soleil ng-scope\"><img decoding=\"async\" class=\"c-cs-product-facets__value-img\" src=\"https:\/\/www.willemsefrance.fr\/files\/126284\/pictos-fiche-produit\/conseille-pour-le-plein-soleil.png\" alt=\" conseill\u00e9 pour le plein soleil\" \/><span class=\"c-cs-product-facets__value-text\" style=\"color: #000000;\">conseill\u00e9 pour le plein soleil<\/span><\/div>\n<\/div>\n<div class=\"c-cs-product-facets__facet-value cs-product-facet__facets-value--type-imageslist is-available\">\n<div class=\"c-cs-product-facets__value conseille-pour-la-mi-ombre ng-scope\"><img decoding=\"async\" class=\"c-cs-product-facets__value-img\" src=\"https:\/\/www.willemsefrance.fr\/files\/126284\/pictos-fiche-produit\/conseille-pour-la-mi-ombre.png\" alt=\" conseill\u00e9 pour la mi-ombre\" \/><span class=\"c-cs-product-facets__value-text\" style=\"color: #000000;\">conseill\u00e9 pour la mi-ombre<\/span><\/div>\n<\/div>\n<\/div>\n<\/div>\n<\/div>\n<\/div>\n<\/div>\n<\/div>\n<\/div>\n<div class=\"c-cs-product-facets__facet-value cs-product-facet__facets-value--type-imageslist is-available\">\n<div>\n<div><\/div>\n<\/div>\n<\/div>\n<\/div>\n<\/div>\n<p>&nbsp;<\/p>\n<\/div>\n<div><\/div>\n<div><\/div>\n","protected":false},"excerpt":{"rendered":"<p>Nom latin : Philadelphus virginal Famille\u00a0: Hydrangac\u00e9es Type de pante : Arbuste Caract\u00e9ristiques essentielles : ESTH\u00c9TIQUE Hauteur adulte\u00a0 \u00a0 \u00a0&hellip;<\/p>\n","protected":false},"featured_media":2847,"comment_status":"open","ping_status":"closed","template":"","meta":[],"product_brand":[],"product_cat":[78,90,81,55],"product_tag":[],"class_list":{"0":"post-2846","1":"product","2":"type-product","3":"status-publish","4":"has-post-thumbnail","6":"product_cat-arbuste","7":"product_cat-floraison-estival-ete","8":"product_cat-floraison-printaniere","9":"product_cat-plantes-dexterieur","10":"","12":"first","13":"outofstock","14":"shipping-taxable","15":"purchasable","16":"product-type-simple"},"_links":{"self":[{"href":"https:\/\/capvert.com.tn\/index.php\/wp-json\/wp\/v2\/product\/2846","targetHints":{"allow":["GET"]}}],"collection":[{"href":"https:\/\/capvert.com.tn\/index.php\/wp-json\/wp\/v2\/product"}],"about":[{"href":"https:\/\/capvert.com.tn\/index.php\/wp-json\/wp\/v2\/types\/product"}],"replies":[{"embeddable":true,"href":"https:\/\/capvert.com.tn\/index.php\/wp-json\/wp\/v2\/comments?post=2846"}],"wp:featuredmedia":[{"embeddable":true,"href":"https:\/\/capvert.com.tn\/index.php\/wp-json\/wp\/v2\/media\/2847"}],"wp:attachment":[{"href":"https:\/\/capvert.com.tn\/index.php\/wp-json\/wp\/v2\/media?parent=2846"}],"wp:term":[{"taxonomy":"product_brand","embeddable":true,"href":"https:\/\/capvert.com.tn\/index.php\/wp-json\/wp\/v2\/product_brand?post=2846"},{"taxonomy":"product_cat","embeddable":true,"href":"https:\/\/capvert.com.tn\/index.php\/wp-json\/wp\/v2\/product_cat?post=2846"},{"taxonomy":"product_tag","embeddable":true,"href":"https:\/\/capvert.com.tn\/index.php\/wp-json\/wp\/v2\/product_tag?post=2846"}],"curies":[{"name":"wp","href":"https:\/\/api.w.org\/{rel}","templated":true}]}}