{"id":1042,"date":"2023-05-26T10:00:09","date_gmt":"2023-05-26T10:00:09","guid":{"rendered":"https:\/\/capvert.com.tn\/?post_type=product&#038;p=1042"},"modified":"2025-06-20T08:26:13","modified_gmt":"2025-06-20T08:26:13","slug":"ficus-alii-panache","status":"publish","type":"product","link":"https:\/\/capvert.com.tn\/index.php\/produit\/ficus-alii-panache\/","title":{"rendered":"Ficus &lsquo;Alii&rsquo; Panach\u00e9"},"content":{"rendered":"<p><span style=\"color: #000000;\"><strong>Nom scientifique:<\/strong> Ficus binnendijkii &lsquo;Alii&rsquo;<\/span><br \/>\n<span style=\"color: #000000;\"><strong>Origine:<\/strong> l&rsquo;Afrique, l&rsquo;Am\u00e9rique du Sud et le sud des \u00c9tats-Unis<br \/>\n<span class=\"bulle_info2\"><strong>Type de plante:<\/strong> Plante ornementale \u25b6 Plante \u00e0 feuillage d\u00e9coratif<\/span><\/span><\/p>\n<h4><span style=\"color: #ff00ff;\"><strong>Caract\u00e9ristiques essentielles :<\/strong><\/span><\/h4>\n<p><strong><span style=\"color: #99cc00;\">ESTH\u00c9TIQUE<\/span><\/strong><br \/>\n<span style=\"color: #000000;\"><strong>Hauteur :<\/strong> jusqu\u2019\u00e0 10m<\/span><br \/>\n<span style=\"color: #000000;\"><strong>Couleur des feuilles:<\/strong> \u00a0<span class=\"c-cs-product-facets__value-text\">Vert panach\u00e9<br \/>\n<strong>Feuillage<\/strong>:\u00a0Feuillage persistant<br \/>\n<strong>Type d&rsquo;utilisation:<\/strong><br \/>\n<span class=\"c-cs-product-facets__value-text\">\u00a0 \u00a0 \u00a0 \u00a0D\u00e9coration int\u00e9rieur<br \/>\n<span class=\"c-cs-product-facets__value-text\">\u00a0 \u00a0 \u00a0 \u00a0D\u00e9coration ext\u00e9rieur<\/span><\/span><\/span><\/span><\/p>\n<p><strong><span style=\"color: #99cc00;\">JARDINAGE<\/span><\/strong><br \/>\n<span style=\"color: #000000;\"><strong>Periode de plantation<\/strong>: toute l&rsquo;ann\u00e9e\u00a0<\/span><br \/>\n<span style=\"color: #000000;\"><strong>Periode de taille:<\/strong>en hiver\u00a0<\/span><br \/>\n<span style=\"color: #000000;\"><strong>Plante d\u00e9polluante<\/strong>: <span class=\"c-cs-product-facets__value-text\">Plante d\u00e9polluante<br \/>\n<strong>Niveau d&rsquo;arrosage<\/strong> :moyen<br \/>\n<strong>Niveau de soin :<\/strong>facile<br \/>\n<strong>Jardinage: <\/strong><span class=\"c-cs-product-facets__value-text\">culture possible en pot, en bac,en plein terre<\/span><\/span><\/span><\/p>\n<p><strong><span style=\"color: #99cc00;\">EMPLACEMENT<\/span><\/strong><br \/>\n<span style=\"color: #000000;\"><strong>Ensoleillement:<\/strong><\/span><br \/>\n<span class=\"c-cs-product-facets__value-text\" style=\"color: #000000;\">\u00a0 \u00a0 \u00a0 \u00a0C<span class=\"c-cs-product-facets__value-text\">onseill\u00e9 pour la mi-ombre<br \/>\nConseill\u00e9 pour le plein soleil<br \/>\n<strong>Type de sol:<\/strong><br \/>\n<span class=\"c-cs-product-facets__value-text\">\u00a0 \u00a0 \u00a0 \u00a0<span class=\"c-cs-product-facets__value-text\">Humide<br \/>\n<span class=\"c-cs-product-facets__value-text\">\u00a0 \u00a0 \u00a0 \u00a0<span class=\"c-cs-product-facets__value-text\">Sableux<br \/>\n<strong>Type de climat:<\/strong><br \/>\n<span class=\"c-cs-product-facets__value-text\">\u00a0 \u00a0 \u00a0 \u00a0<span class=\"c-cs-product-facets__value-text\">R\u00e9gion m\u00e9diterran\u00e9enne<br \/>\n<strong>Temp\u00e9rature maximale : 40\u00b0C<\/strong><\/span><\/span><\/span><\/span><\/span><\/span><\/span><\/span><\/p>\n","protected":false},"excerpt":{"rendered":"<p>Nom scientifique: Ficus binnendijkii &lsquo;Alii&rsquo; Origine: l&rsquo;Afrique, l&rsquo;Am\u00e9rique du Sud et le sud des \u00c9tats-Unis Type de plante: Plante ornementale&hellip;<\/p>\n","protected":false},"featured_media":3879,"comment_status":"open","ping_status":"closed","template":"","meta":[],"product_brand":[],"product_cat":[55,15,79],"product_tag":[],"class_list":{"0":"post-1042","1":"product","2":"type-product","3":"status-publish","4":"has-post-thumbnail","6":"product_cat-plantes-dexterieur","7":"product_cat-plantes-dinterieur","8":"product_cat-plantes-vivaces","9":"","11":"first","12":"outofstock","13":"sale","14":"shipping-taxable","15":"purchasable","16":"product-type-variable"},"_links":{"self":[{"href":"https:\/\/capvert.com.tn\/index.php\/wp-json\/wp\/v2\/product\/1042","targetHints":{"allow":["GET"]}}],"collection":[{"href":"https:\/\/capvert.com.tn\/index.php\/wp-json\/wp\/v2\/product"}],"about":[{"href":"https:\/\/capvert.com.tn\/index.php\/wp-json\/wp\/v2\/types\/product"}],"replies":[{"embeddable":true,"href":"https:\/\/capvert.com.tn\/index.php\/wp-json\/wp\/v2\/comments?post=1042"}],"wp:featuredmedia":[{"embeddable":true,"href":"https:\/\/capvert.com.tn\/index.php\/wp-json\/wp\/v2\/media\/3879"}],"wp:attachment":[{"href":"https:\/\/capvert.com.tn\/index.php\/wp-json\/wp\/v2\/media?parent=1042"}],"wp:term":[{"taxonomy":"product_brand","embeddable":true,"href":"https:\/\/capvert.com.tn\/index.php\/wp-json\/wp\/v2\/product_brand?post=1042"},{"taxonomy":"product_cat","embeddable":true,"href":"https:\/\/capvert.com.tn\/index.php\/wp-json\/wp\/v2\/product_cat?post=1042"},{"taxonomy":"product_tag","embeddable":true,"href":"https:\/\/capvert.com.tn\/index.php\/wp-json\/wp\/v2\/product_tag?post=1042"}],"curies":[{"name":"wp","href":"https:\/\/api.w.org\/{rel}","templated":true}]}}